{"id":163,"date":"2014-08-06T14:56:53","date_gmt":"2014-08-06T13:56:53","guid":{"rendered":"http:\/\/areagest.com\/?page_id=163"},"modified":"2025-08-15T15:26:05","modified_gmt":"2025-08-15T14:26:05","slug":"gestao-de-rh-e-contabilidade","status":"publish","type":"page","link":"https:\/\/www.areagest.com\/pt\/pt\/servicos\/gestao-de-rh-e-contabilidade\/","title":{"rendered":"Contabilidade e Gest\u00e3o de RH"},"content":{"rendered":"<div class=\"kopa-two-third\"><\/p>\n<p>&nbsp;<\/p>\n<table class=\"subtitle-services\" border=\"0\" cellspacing=\"0\">\n<tbody>\n<tr>\n<td>                            <div class=\"squareDemo squareDemo_production shape box maskImg\" id=\"square_production_RH_CTB1719641\" style=\"border-width: 0px; border-color: rgb(0, 0, 0); width: 62px; height: 62px; opacity: 1; background: url(https:\/\/www.areagest.com\/wp-content\/uploads\/2014\/08\/rh_a.png) 0% 0% \/ 100% no-repeat transparent;\">\r\n                                <span class=\"textArea\" style=\"width: 42px; height: 12px; line-height: 0px; font-size: 0px; margin-top: -6px; margin-left: 0px;\"><\/span>\r\n                                <div class=\"squareLitDemo shape inOut swrillOut animated fadeOut\" id=\"square-lit\" style=\"top: 0px; width: 62px; height: 62px; right: 0px; margin-left: 0px; transform: rotate(0deg); background: url(https:\/\/www.areagest.com\/wp-content\/uploads\/2014\/08\/rh_b.png) 0% 0% \/ 100% no-repeat transparent;\" out=\"fadeOut\" in=\"fadeIn\" entrance=\"effect\">\r\n                                    <a class=\"title_2 title_link_out\" href=\"\/pt\/servicos\/gestao-de-rh-e-contabilidade\/\" target=\"\"><h3 class=\"title\" style=\"font-size: 0px; margin-left: -4px; transform: rotate(0deg); -webkit-transform: rotate(0deg);\"><\/h3><\/a>\r\n                                    <hr class=\"divLit hidden\">\r\n                                    <div class=\"textAreaWrapper\" style=\"padding-right: 14px; transform: rotate(0deg); -webkit-transform: rotate(0deg);\">\r\n                                        <span class=\"textArea\" style=\"width: 42px; height: 12px; line-height: 0px; font-size: 0px;\"><\/span>\r\n                                    <\/div>\r\n                                <\/div>\r\n                            <\/div>\r\n                        <\/td>\n<td valign=\"center\">\n<h1>Contabilidade e Gest\u00e3o de RH<\/h1>\n<\/td>\n<\/tr>\n<\/tbody>\n<\/table>\n<h5><strong>CONTABILIDADE<\/strong><\/h5>\n<h5><span style=\"color: #666666;\">Cri\u00e1mos uma estrutura que assenta no atendimento personalizado. Comodidade, rapidez e efici\u00eancia, s\u00e3o os objetivos da comunica\u00e7\u00e3o direta entre os nossos clientes e nossas equipas de trabalho de Contabilidade e Gest\u00e3o de RH. A implementa\u00e7\u00e3o e manuten\u00e7\u00e3o deste conceito \u00e9 exequ\u00edvel, com uma sele\u00e7\u00e3o criteriosa dos quadros da empresa na \u00e1rea de especialidade.<\/span><\/h5>\n<h5><strong>RECURSOS HUMANOS<\/strong><\/h5>\n<h5><span style=\"color: #666666;\">Os servi\u00e7os de recursos humanos que disponibilizamos s\u00e3o os adequados a cada realidade empresarial, identificados em reuni\u00e3o pr\u00e9via e posteriormente detalhados na proposta de servi\u00e7os. Em s\u00edntese, os servi\u00e7os dispon\u00edveis:<\/span><\/h5>\n<h5><span style=\"color: #666666;\">\u2022 <\/span><span style=\"color: #666666;\">Processamento de sal\u00e1rios nos nossos escrit\u00f3rios; \u2022 Impostos do pessoal relacionados com a empresa; \u2022 Emiss\u00e3o de mapas de natureza social, fiscal e estat\u00edstica; \u2022 Registos e inscri\u00e7\u00f5es na seguran\u00e7a social; \u2022 Esclarecimento de D\u00favidas associadas \u00e0 Gest\u00e3o Administrativa de Recursos Humanos<\/span><\/h5>\n<h5><strong>INFORMA\u00c7\u00c3O DE GEST\u00c3O<\/strong><\/h5>\n<h5><span style=\"color: #666666;\">Para an\u00e1lise da evolu\u00e7\u00e3o dos neg\u00f3cios e resultados da empresa, disponibilizamos como rotina mensal ou trimestral, um Tableau de Bord com an\u00e1lise econ\u00f3mica e financeira, e uma Explora\u00e7\u00e3o comparada. No seguimento da an\u00e1lise dos mapas, s\u00e3o agendadas reuni\u00f5es de an\u00e1lise entre a Equipa Areagest e o Cliente, de modo a garantir um enquadramento de gest\u00e3o e estrat\u00e9gico, capaz de acrescentar mais valor ao Cliente, nas \u00e1reas de Contabilidade e Gest\u00e3o de RH.<\/span><\/h5>\n<h5><strong>SERVI\u00c7OS COMPLEMENTARES INCLU\u00cdDOS<\/strong><\/h5>\n<h5><span style=\"color: #666666;\">\u2022 Encerramento anual de contas; <\/span><\/h5>\n<h5><span style=\"color: #666666;\">\u2022 Elabora\u00e7\u00e3o de toda a documenta\u00e7\u00e3o de \u00edndole fiscal; <\/span><\/h5>\n<h5><span style=\"color: #666666;\">\u2022 Elabora\u00e7\u00e3o de todos os anexos ao balan\u00e7o e presta\u00e7\u00e3o e contas; <\/span><\/h5>\n<h5><span style=\"color: #666666;\">\u2022 Assist\u00eancia telef\u00f3nica e pessoal em mat\u00e9ria contabil\u00edstica e fiscal; <\/span><\/h5>\n<h5><span style=\"color: #666666;\">\u2022 Responsabilidade fiscal perante a administra\u00e7\u00e3o p\u00fablica; <\/span><\/h5>\n<h5><span style=\"color: #666666;\">\u2022 Acompanhamento de eventuais fiscaliza\u00e7\u00f5es de \u00e2mbito fiscal; <\/span><\/h5>\n<h5><span style=\"color: #666666;\">\u2022 Estat\u00edsticas fiscais; <\/span><\/h5>\n<h5><span style=\"color: #666666;\">\u2022 Tratamento do imobilizado nos nossos escrit\u00f3rios por pessoal especializado; <\/span><\/h5>\n<h5><span style=\"color: #666666;\">\u2022 Reporting mensal e anual de acordo com os nossos moldes standard.<\/span><\/h5>\n<p><\/div>\n<div class=\"kopa-one-third last\"><\/div><div class=\"clear\"><\/div>\n\n<div class=\"wpcf7 no-js\" id=\"wpcf7-f488-o1\" lang=\"pt-PT\" dir=\"ltr\" data-wpcf7-id=\"488\">\n<div class=\"screen-reader-response\"><p role=\"status\" aria-live=\"polite\" aria-atomic=\"true\"><\/p> <ul><\/ul><\/div>\n<form action=\"\/pt\/wp-json\/wp\/v2\/pages\/163#wpcf7-f488-o1\" method=\"post\" class=\"wpcf7-form init\" aria-label=\"Formul\u00e1rio de contacto\" novalidate=\"novalidate\" data-status=\"init\">\n<div style=\"display: none;\">\n<input type=\"hidden\" name=\"_wpcf7\" value=\"488\" \/>\n<input type=\"hidden\" name=\"_wpcf7_version\" value=\"6.0.6\" \/>\n<input type=\"hidden\" name=\"_wpcf7_locale\" value=\"pt_PT\" \/>\n<input type=\"hidden\" name=\"_wpcf7_unit_tag\" value=\"wpcf7-f488-o1\" \/>\n<input type=\"hidden\" name=\"_wpcf7_container_post\" value=\"0\" \/>\n<input type=\"hidden\" name=\"_wpcf7_posted_data_hash\" value=\"\" \/>\n<\/div>\n<div style=\"background-color: #f9f9f9; padding: 20px; border: 1px solid #dedede; border-radius: 10px;\">\n\t<h2>\/\/ AGENDE REUNI\u00c3O INICIAL\n\t<\/h2>\n\t<div class=\"separador\">\n\t\t<div>\n\t\t\t<p>&nbsp;\n\t\t\t<\/p>\n\t\t<\/div>\n\t<\/div>\n\t<div style=\"display: inline-block; width: 220px; margin-right: 20px;\">\n\t\t<p><span style=\"color: #000000;\">Nome<\/span><span style=\"color: #FF0000;\">*<\/span><br \/>\n<span class=\"wpcf7-form-control-wrap\" data-name=\"text-998\"><input size=\"40\" maxlength=\"50\" class=\"wpcf7-form-control wpcf7-text wpcf7-validates-as-required\" aria-required=\"true\" aria-invalid=\"false\" value=\"\" type=\"text\" name=\"text-998\" \/><\/span>\n\t\t<\/p>\n\t<\/div>\n\t<div style=\"display: inline-block; width: 220px;\">\n\t\t<p><span style=\"color: #000000;\">Empresa<\/span><br \/>\n<span class=\"wpcf7-form-control-wrap\" data-name=\"text-563\"><input size=\"40\" maxlength=\"50\" class=\"wpcf7-form-control wpcf7-text\" aria-invalid=\"false\" value=\"\" type=\"text\" name=\"text-563\" \/><\/span>\n\t\t<\/p>\n\t<\/div>\n\t<div style=\"display: inline-block; width: 220px; margin-right: 20px;\">\n\t\t<p><span style=\"color: #000000;\">Email<\/span><span style=\"color: #FF0000;\">*<\/span><br \/>\n<span class=\"wpcf7-form-control-wrap\" data-name=\"email-14\"><input size=\"40\" maxlength=\"50\" class=\"wpcf7-form-control wpcf7-email wpcf7-validates-as-required wpcf7-text wpcf7-validates-as-email\" aria-required=\"true\" aria-invalid=\"false\" value=\"\" type=\"email\" name=\"email-14\" \/><\/span>\n\t\t<\/p>\n\t<\/div>\n\t<div style=\"display: inline-block; width: 220px;\">\n\t\t<p><span style=\"color: #000000;\">Telefone<\/span><span style=\"color: #FF0000;\">*<\/span><br \/>\n<span class=\"wpcf7-form-control-wrap\" data-name=\"tel-482\"><input size=\"40\" maxlength=\"20\" class=\"wpcf7-form-control wpcf7-tel wpcf7-validates-as-required wpcf7-text wpcf7-validates-as-tel\" aria-required=\"true\" aria-invalid=\"false\" value=\"\" type=\"tel\" name=\"tel-482\" \/><\/span>\n\t\t<\/p>\n\t<\/div>\n\t<p><span style=\"color: #000000;\">Observa\u00e7\u00f5es<\/span><br \/>\n<span class=\"wpcf7-form-control-wrap\" data-name=\"textarea-886\"><textarea cols=\"40\" rows=\"2\" maxlength=\"2000\" class=\"wpcf7-form-control wpcf7-textarea\" aria-invalid=\"false\" name=\"textarea-886\"><\/textarea><\/span>\n\t<\/p>\n\t<p><input class=\"wpcf7-form-control wpcf7-submit has-spinner kopa-button blue-button medium-button\" type=\"submit\" value=\"MARCAR REUNI\u00c3O\" \/>\n\t<\/p>\n<\/div><div class=\"wpcf7-response-output\" aria-hidden=\"true\"><\/div>\n<\/form>\n<\/div>\n\n<aside id=\"kopa_widget_testimonials-4\" class=\"kopa-testimonial-widget amr_widget \">\n            <div class=\"flexslider kopa-testimonial-slider\">\n                <ul class=\"slides\">\n                                            <li class=\"clearfix\">\n                            <div class=\"avatar\">\n                                                                    <img decoding=\"async\" src=\"https:\/\/areagest.com\/wp-content\/uploads\/2014\/09\/optivisao-118x118.jpg\" alt=\"Optivis\u00e3o\">\n                                                            <\/div>\n                            <div class=\"testimonial-content\">\n                                <div class=\"testimonial-content-inside\">\n                                    <p>&#8220;Com o apoio dos servi\u00e7os da Areagest, o meu projeto foi aprovado e fiz o investimento que precisava para modernizar a minha empresa. Recomendo os servi\u00e7os Areagest pelo seu profissionalismo e dedica\u00e7\u00e3o ao Cliente.&#8221;<\/p>\n<p><span style=\"color: #11a0dc;\"><strong>Ant\u00f3nio Martins\u00a0<\/strong>&#8211; CEO <\/span><\/p>\n                                <\/div>\n                                <span>Optivis\u00e3o<\/span>\n                            <\/div>\n                        <\/li>\n                                            <li class=\"clearfix\">\n                            <div class=\"avatar\">\n                                                                    <img decoding=\"async\" src=\"https:\/\/areagest.com\/wp-content\/uploads\/2014\/09\/itise-118x118.jpg\" alt=\"Itise &#8211; Equipamentos T\u00e9cnicos de Precis\u00e3o e Cient\u00edficos\">\n                                                            <\/div>\n                            <div class=\"testimonial-content\">\n                                <div class=\"testimonial-content-inside\">\n                                    <p>&#8220;Trabalhamos com a Areagest h\u00e1 mais de 20 anos, em outsourcing. Os servi\u00e7os que nos prestam t\u00eam a qualidade e a proximidade adequadas a uma resposta eficaz \u00e0s nossas necessidades.&#8221;<\/p>\n<p><span style=\"color: #11a0dc;\"><strong>Luis Valente <\/strong>&#8211; CEO<\/span><\/p>\n                                <\/div>\n                                <span>Itise &#8211; Equipamentos T\u00e9cnicos de Precis\u00e3o e Cient\u00edficos<\/span>\n                            <\/div>\n                        <\/li>\n                                            <li class=\"clearfix\">\n                            <div class=\"avatar\">\n                                                                    <img decoding=\"async\" src=\"https:\/\/areagest.com\/wp-content\/uploads\/2014\/09\/era-arq-118x118.jpg\" alt=\"Era Arqueologia S.A.\">\n                                                            <\/div>\n                            <div class=\"testimonial-content\">\n                                <div class=\"testimonial-content-inside\">\n                                    <p>&#8220;A Areagest adapta-se \u00e0s necessidades da nossa empresa e aos nossos pedidos com facilidade e profissionalismo. J\u00e1 recomendei a Areagest a outras empresas que tamb\u00e9m se tornaram Clientes. Continuarei a recomendar os servi\u00e7os Areagest.&#8221;<\/p>\n<p><span style=\"color: #11a0dc;\"><strong>Luis Nuno\u00a0<\/strong>&#8211; CFO<\/span><\/p>\n                                <\/div>\n                                <span>Era Arqueologia S.A.<\/span>\n                            <\/div>\n                        <\/li>\n                                            <li class=\"clearfix\">\n                            <div class=\"avatar\">\n                                                                    <img decoding=\"async\" src=\"https:\/\/areagest.com\/wp-content\/uploads\/2014\/08\/lazyflav-118x118.jpg\" alt=\"Lazy Flavours\">\n                                                            <\/div>\n                            <div class=\"testimonial-content\">\n                                <div class=\"testimonial-content-inside\">\n                                    <p>\u201cConheci a Areagest numa das suas muitas a\u00e7\u00f5es informativas sobre financiamento de start-up e apoios ao investimento. Tinha uma ideia de neg\u00f3cio, mas n\u00e3o tinha a certeza como a poderia financiar e se a minha situa\u00e7\u00e3o se enquadrava em algum dos apoios existentes. Com o acompanhamento da Areagest candidatei-me a um dos apoios para cria\u00e7\u00e3o de novas empresas e hoje continuo a trabalhar com esta equipa, que me presta apoio na minha empresa, j\u00e1 criada, ao n\u00edvel de servi\u00e7os de contabilidade e apoio de gest\u00e3o. O facto de serem uma empresa com uma oferta de servi\u00e7os diversificada e capaz de acompanhar os empreendedores e as empresas desde antes da sua cria\u00e7\u00e3o \u00e9 uma enorme mais-valia e transmite a seguran\u00e7a necess\u00e1ria de que tudo \u00e9 feito com qualidade e precis\u00e3o.\u201d<\/p>\n<p><span style=\"color: #11a0dc;\"><strong>Mariana Cardoso\u00a0<\/strong>&#8211; Founding Partner<\/span><\/p>\n                                <\/div>\n                                <span>Lazy Flavours<\/span>\n                            <\/div>\n                        <\/li>\n                                            <li class=\"clearfix\">\n                            <div class=\"avatar\">\n                                                                    <img decoding=\"async\" src=\"https:\/\/areagest.com\/wp-content\/uploads\/2014\/09\/interface5-118x108.png\" alt=\"Interface Equipamento e T\u00e9cnica Lda.\">\n                                                            <\/div>\n                            <div class=\"testimonial-content\">\n                                <div class=\"testimonial-content-inside\">\n                                    <p>&#8220;A longevidade de d\u00e9cadas da nossa rela\u00e7\u00e3o com a Areagest deve-se sobretudo \u00e0 confian\u00e7a na marca e nos seus profissionais. Contamos com a Areagest como um parceiro de neg\u00f3cio fi\u00e1vel.&#8221;<\/p>\n<p><span style=\"color: #11a0dc;\"><strong>Manuel Matos Correia\u00a0<\/strong>&#8211; CEO<\/span><\/p>\n                                <\/div>\n                                <span>Interface Equipamento e T\u00e9cnica Lda.<\/span>\n                            <\/div>\n                        <\/li>\n                                    <\/ul><!--slides-->\n            <\/div><!--kopa-testimonial-slider-->\n\n        \n        <\/aside>\n","protected":false},"excerpt":{"rendered":"","protected":false},"author":1,"featured_media":0,"parent":98,"menu_order":0,"comment_status":"closed","ping_status":"closed","template":"","meta":{"footnotes":""},"class_list":["post-163","page","type-page","status-publish","hentry"],"yoast_head":"<!-- This site is optimized with the Yoast SEO plugin v25.3.1 - https:\/\/yoast.com\/wordpress\/plugins\/seo\/ -->\n<title>Compra e Venda de Neg\u00f3cios, Contabilidade e Payroll<\/title>\n<meta name=\"description\" content=\"Contabilidade, Gest\u00e3o de RH, Processamento Salarial, Contabilidade Geral, Contabilidade Anal\u00edtica, Informa\u00e7\u00e3o de Gest\u00e3o, IVA, IRC, Lisboa\" \/>\n<meta name=\"robots\" content=\"index, follow, max-snippet:-1, max-image-preview:large, max-video-preview:-1\" \/>\n<link rel=\"canonical\" href=\"https:\/\/www.areagest.com\/pt\/pt\/servicos\/gestao-de-rh-e-contabilidade\/\" \/>\n<meta property=\"og:locale\" content=\"pt_PT\" \/>\n<meta property=\"og:type\" content=\"article\" \/>\n<meta property=\"og:title\" content=\"Compra e Venda de Neg\u00f3cios, Contabilidade e Payroll\" \/>\n<meta property=\"og:description\" content=\"Contabilidade, Gest\u00e3o de RH, Processamento Salarial, Contabilidade Geral, Contabilidade Anal\u00edtica, Informa\u00e7\u00e3o de Gest\u00e3o, IVA, IRC, Lisboa\" \/>\n<meta property=\"og:url\" content=\"https:\/\/www.areagest.com\/pt\/pt\/servicos\/gestao-de-rh-e-contabilidade\/\" \/>\n<meta property=\"og:site_name\" content=\"Areagest Servi\u00e7os de Gest\u00e3o\" \/>\n<meta property=\"article:modified_time\" content=\"2025-08-15T14:26:05+00:00\" \/>\n<meta name=\"twitter:label1\" content=\"Tempo estimado de leitura\" \/>\n\t<meta name=\"twitter:data1\" content=\"2 minutos\" \/>\n<script type=\"application\/ld+json\" class=\"yoast-schema-graph\">{\"@context\":\"https:\/\/schema.org\",\"@graph\":[{\"@type\":\"WebPage\",\"@id\":\"https:\/\/www.areagest.com\/pt\/pt\/servicos\/gestao-de-rh-e-contabilidade\/\",\"url\":\"https:\/\/www.areagest.com\/pt\/pt\/servicos\/gestao-de-rh-e-contabilidade\/\",\"name\":\"Compra e Venda de Neg\u00f3cios, Contabilidade e Payroll\",\"isPartOf\":{\"@id\":\"https:\/\/www.areagest.com\/pt\/#website\"},\"datePublished\":\"2014-08-06T13:56:53+00:00\",\"dateModified\":\"2025-08-15T14:26:05+00:00\",\"description\":\"Contabilidade, Gest\u00e3o de RH, Processamento Salarial, Contabilidade Geral, Contabilidade Anal\u00edtica, Informa\u00e7\u00e3o de Gest\u00e3o, IVA, IRC, Lisboa\",\"breadcrumb\":{\"@id\":\"https:\/\/www.areagest.com\/pt\/pt\/servicos\/gestao-de-rh-e-contabilidade\/#breadcrumb\"},\"inLanguage\":\"pt-PT\",\"potentialAction\":[{\"@type\":\"ReadAction\",\"target\":[\"https:\/\/www.areagest.com\/pt\/pt\/servicos\/gestao-de-rh-e-contabilidade\/\"]}]},{\"@type\":\"BreadcrumbList\",\"@id\":\"https:\/\/www.areagest.com\/pt\/pt\/servicos\/gestao-de-rh-e-contabilidade\/#breadcrumb\",\"itemListElement\":[{\"@type\":\"ListItem\",\"position\":1,\"name\":\"In\u00edcio\",\"item\":\"https:\/\/www.areagest.com\/pt\/\"},{\"@type\":\"ListItem\",\"position\":2,\"name\":\"Servi\u00e7os\",\"item\":\"https:\/\/www.areagest.com\/pt\/servicos\/\"},{\"@type\":\"ListItem\",\"position\":3,\"name\":\"Contabilidade e Gest\u00e3o de RH\"}]},{\"@type\":\"WebSite\",\"@id\":\"https:\/\/www.areagest.com\/pt\/#website\",\"url\":\"https:\/\/www.areagest.com\/pt\/\",\"name\":\"Areagest Servi\u00e7os de Gest\u00e3o\",\"description\":\"Compra e Venda de Empresas, Portugal 2030, Assessoria Financeira\",\"potentialAction\":[{\"@type\":\"SearchAction\",\"target\":{\"@type\":\"EntryPoint\",\"urlTemplate\":\"https:\/\/www.areagest.com\/pt\/?s={search_term_string}\"},\"query-input\":{\"@type\":\"PropertyValueSpecification\",\"valueRequired\":true,\"valueName\":\"search_term_string\"}}],\"inLanguage\":\"pt-PT\"}]}<\/script>\n<!-- \/ Yoast SEO plugin. -->","yoast_head_json":{"title":"Compra e Venda de Neg\u00f3cios, Contabilidade e Payroll","description":"Contabilidade, Gest\u00e3o de RH, Processamento Salarial, Contabilidade Geral, Contabilidade Anal\u00edtica, Informa\u00e7\u00e3o de Gest\u00e3o, IVA, IRC, Lisboa","robots":{"index":"index","follow":"follow","max-snippet":"max-snippet:-1","max-image-preview":"max-image-preview:large","max-video-preview":"max-video-preview:-1"},"canonical":"https:\/\/www.areagest.com\/pt\/pt\/servicos\/gestao-de-rh-e-contabilidade\/","og_locale":"pt_PT","og_type":"article","og_title":"Compra e Venda de Neg\u00f3cios, Contabilidade e Payroll","og_description":"Contabilidade, Gest\u00e3o de RH, Processamento Salarial, Contabilidade Geral, Contabilidade Anal\u00edtica, Informa\u00e7\u00e3o de Gest\u00e3o, IVA, IRC, Lisboa","og_url":"https:\/\/www.areagest.com\/pt\/pt\/servicos\/gestao-de-rh-e-contabilidade\/","og_site_name":"Areagest Servi\u00e7os de Gest\u00e3o","article_modified_time":"2025-08-15T14:26:05+00:00","twitter_misc":{"Tempo estimado de leitura":"2 minutos"},"schema":{"@context":"https:\/\/schema.org","@graph":[{"@type":"WebPage","@id":"https:\/\/www.areagest.com\/pt\/pt\/servicos\/gestao-de-rh-e-contabilidade\/","url":"https:\/\/www.areagest.com\/pt\/pt\/servicos\/gestao-de-rh-e-contabilidade\/","name":"Compra e Venda de Neg\u00f3cios, Contabilidade e Payroll","isPartOf":{"@id":"https:\/\/www.areagest.com\/pt\/#website"},"datePublished":"2014-08-06T13:56:53+00:00","dateModified":"2025-08-15T14:26:05+00:00","description":"Contabilidade, Gest\u00e3o de RH, Processamento Salarial, Contabilidade Geral, Contabilidade Anal\u00edtica, Informa\u00e7\u00e3o de Gest\u00e3o, IVA, IRC, Lisboa","breadcrumb":{"@id":"https:\/\/www.areagest.com\/pt\/pt\/servicos\/gestao-de-rh-e-contabilidade\/#breadcrumb"},"inLanguage":"pt-PT","potentialAction":[{"@type":"ReadAction","target":["https:\/\/www.areagest.com\/pt\/pt\/servicos\/gestao-de-rh-e-contabilidade\/"]}]},{"@type":"BreadcrumbList","@id":"https:\/\/www.areagest.com\/pt\/pt\/servicos\/gestao-de-rh-e-contabilidade\/#breadcrumb","itemListElement":[{"@type":"ListItem","position":1,"name":"In\u00edcio","item":"https:\/\/www.areagest.com\/pt\/"},{"@type":"ListItem","position":2,"name":"Servi\u00e7os","item":"https:\/\/www.areagest.com\/pt\/servicos\/"},{"@type":"ListItem","position":3,"name":"Contabilidade e Gest\u00e3o de RH"}]},{"@type":"WebSite","@id":"https:\/\/www.areagest.com\/pt\/#website","url":"https:\/\/www.areagest.com\/pt\/","name":"Areagest Servi\u00e7os de Gest\u00e3o","description":"Compra e Venda de Empresas, Portugal 2030, Assessoria Financeira","potentialAction":[{"@type":"SearchAction","target":{"@type":"EntryPoint","urlTemplate":"https:\/\/www.areagest.com\/pt\/?s={search_term_string}"},"query-input":{"@type":"PropertyValueSpecification","valueRequired":true,"valueName":"search_term_string"}}],"inLanguage":"pt-PT"}]}},"_links":{"self":[{"href":"https:\/\/www.areagest.com\/pt\/wp-json\/wp\/v2\/pages\/163","targetHints":{"allow":["GET"]}}],"collection":[{"href":"https:\/\/www.areagest.com\/pt\/wp-json\/wp\/v2\/pages"}],"about":[{"href":"https:\/\/www.areagest.com\/pt\/wp-json\/wp\/v2\/types\/page"}],"author":[{"embeddable":true,"href":"https:\/\/www.areagest.com\/pt\/wp-json\/wp\/v2\/users\/1"}],"replies":[{"embeddable":true,"href":"https:\/\/www.areagest.com\/pt\/wp-json\/wp\/v2\/comments?post=163"}],"version-history":[{"count":30,"href":"https:\/\/www.areagest.com\/pt\/wp-json\/wp\/v2\/pages\/163\/revisions"}],"predecessor-version":[{"id":7962,"href":"https:\/\/www.areagest.com\/pt\/wp-json\/wp\/v2\/pages\/163\/revisions\/7962"}],"up":[{"embeddable":true,"href":"https:\/\/www.areagest.com\/pt\/wp-json\/wp\/v2\/pages\/98"}],"wp:attachment":[{"href":"https:\/\/www.areagest.com\/pt\/wp-json\/wp\/v2\/media?parent=163"}],"curies":[{"name":"wp","href":"https:\/\/api.w.org\/{rel}","templated":true}]}}